{"id":571,"date":"2018-12-31T17:46:22","date_gmt":"2018-12-31T16:46:22","guid":{"rendered":"http:\/\/emvee.de\/wordpress\/?page_id=571"},"modified":"2022-10-18T15:50:25","modified_gmt":"2022-10-18T13:50:25","slug":"portfolio","status":"publish","type":"page","link":"https:\/\/bildvogt.eu\/wordpress\/portfolio\/","title":{"rendered":"Portfolio"},"content":{"rendered":"\n<p class=\"has-text-align-left\">Haupts\u00e4chlich fotografiere ich auf Konzerten und kulturellen Veranstaltungen, privat bin ich zudem oft in der Landschaft oder in historischen St\u00e4tten unterwegs. Anbei eine Auswahl meiner Arbeiten.<\/p>\n\n\n\n<p class=\"has-text-align-center has-medium-font-size\"><strong>Konzertfotografien<\/strong><\/p>\n\n\n\n<figure class=\"wp-block-gallery has-nested-images columns-2 is-cropped wp-block-gallery-1 is-layout-flex wp-block-gallery-is-layout-flex\">\n<figure class=\"wp-block-image size-large\"><img loading=\"lazy\" decoding=\"async\" width=\"1024\" height=\"683\" data-id=\"376\" src=\"http:\/\/emvee.de\/wordpress\/wp-content\/uploads\/2017\/05\/IMG6478-1024x683.jpg\" alt=\"Siyou'n'Hell meets Yasi Hofer\" class=\"wp-image-376\" srcset=\"https:\/\/bildvogt.eu\/wordpress\/wp-content\/uploads\/2017\/05\/IMG6478-1024x683.jpg 1024w, https:\/\/bildvogt.eu\/wordpress\/wp-content\/uploads\/2017\/05\/IMG6478-300x200.jpg 300w, https:\/\/bildvogt.eu\/wordpress\/wp-content\/uploads\/2017\/05\/IMG6478-768x513.jpg 768w, https:\/\/bildvogt.eu\/wordpress\/wp-content\/uploads\/2017\/05\/IMG6478-1240x828.jpg 1240w, https:\/\/bildvogt.eu\/wordpress\/wp-content\/uploads\/2017\/05\/IMG6478-508x339.jpg 508w\" sizes=\"auto, (max-width: 1024px) 100vw, 1024px\" \/><figcaption>Siyou&#8217;n&#8217;Hell &amp; Yasi Hofer<\/figcaption><\/figure>\n\n\n\n<figure class=\"wp-block-image size-large\"><img loading=\"lazy\" decoding=\"async\" width=\"678\" height=\"1024\" data-id=\"187\" src=\"http:\/\/emvee.de\/wordpress\/wp-content\/uploads\/2016\/10\/IMGP0607-678x1024.jpg\" alt=\"Shiraz Lane\" class=\"wp-image-187\" srcset=\"https:\/\/bildvogt.eu\/wordpress\/wp-content\/uploads\/2016\/10\/IMGP0607-678x1024.jpg 678w, https:\/\/bildvogt.eu\/wordpress\/wp-content\/uploads\/2016\/10\/IMGP0607-199x300.jpg 199w, https:\/\/bildvogt.eu\/wordpress\/wp-content\/uploads\/2016\/10\/IMGP0607-768x1160.jpg 768w, https:\/\/bildvogt.eu\/wordpress\/wp-content\/uploads\/2016\/10\/IMGP0607-1240x1872.jpg 1240w, https:\/\/bildvogt.eu\/wordpress\/wp-content\/uploads\/2016\/10\/IMGP0607-508x767.jpg 508w\" sizes=\"auto, (max-width: 678px) 100vw, 678px\" \/><figcaption>Shiraz Lane<\/figcaption><\/figure>\n\n\n\n<figure class=\"wp-block-image size-large\"><img loading=\"lazy\" decoding=\"async\" width=\"678\" height=\"1024\" data-id=\"74\" src=\"http:\/\/emvee.de\/wordpress\/wp-content\/uploads\/2016\/08\/IMGP7919-678x1024.jpg\" alt=\"The BossHoss\" class=\"wp-image-74\" srcset=\"https:\/\/bildvogt.eu\/wordpress\/wp-content\/uploads\/2016\/08\/IMGP7919-678x1024.jpg 678w, https:\/\/bildvogt.eu\/wordpress\/wp-content\/uploads\/2016\/08\/IMGP7919-199x300.jpg 199w, https:\/\/bildvogt.eu\/wordpress\/wp-content\/uploads\/2016\/08\/IMGP7919-768x1160.jpg 768w, https:\/\/bildvogt.eu\/wordpress\/wp-content\/uploads\/2016\/08\/IMGP7919-1240x1872.jpg 1240w, https:\/\/bildvogt.eu\/wordpress\/wp-content\/uploads\/2016\/08\/IMGP7919-508x767.jpg 508w\" sizes=\"auto, (max-width: 678px) 100vw, 678px\" \/><figcaption>The BossHoss<\/figcaption><\/figure>\n\n\n\n<figure class=\"wp-block-image size-large\"><img loading=\"lazy\" decoding=\"async\" width=\"1024\" height=\"682\" data-id=\"331\" src=\"http:\/\/emvee.de\/wordpress\/wp-content\/uploads\/2017\/04\/IMG3195-1024x682.jpg\" alt=\"Rick Springfield\" class=\"wp-image-331\" srcset=\"https:\/\/bildvogt.eu\/wordpress\/wp-content\/uploads\/2017\/04\/IMG3195-1024x682.jpg 1024w, https:\/\/bildvogt.eu\/wordpress\/wp-content\/uploads\/2017\/04\/IMG3195-300x200.jpg 300w, https:\/\/bildvogt.eu\/wordpress\/wp-content\/uploads\/2017\/04\/IMG3195-768x512.jpg 768w, https:\/\/bildvogt.eu\/wordpress\/wp-content\/uploads\/2017\/04\/IMG3195-1240x826.jpg 1240w, https:\/\/bildvogt.eu\/wordpress\/wp-content\/uploads\/2017\/04\/IMG3195-508x339.jpg 508w, https:\/\/bildvogt.eu\/wordpress\/wp-content\/uploads\/2017\/04\/IMG3195.jpg 2000w\" sizes=\"auto, (max-width: 1024px) 100vw, 1024px\" \/><figcaption>Rick Springfield<\/figcaption><\/figure>\n\n\n\n<figure class=\"wp-block-image size-large\"><img loading=\"lazy\" decoding=\"async\" width=\"1024\" height=\"682\" data-id=\"333\" src=\"http:\/\/emvee.de\/wordpress\/wp-content\/uploads\/2017\/04\/IMG3012-1024x682.jpg\" alt=\"Fistbump: Mick Box und Gitarrist Alexander Beyrodt\" class=\"wp-image-333\" srcset=\"https:\/\/bildvogt.eu\/wordpress\/wp-content\/uploads\/2017\/04\/IMG3012-1024x682.jpg 1024w, https:\/\/bildvogt.eu\/wordpress\/wp-content\/uploads\/2017\/04\/IMG3012-300x200.jpg 300w, https:\/\/bildvogt.eu\/wordpress\/wp-content\/uploads\/2017\/04\/IMG3012-768x512.jpg 768w, https:\/\/bildvogt.eu\/wordpress\/wp-content\/uploads\/2017\/04\/IMG3012-1240x826.jpg 1240w, https:\/\/bildvogt.eu\/wordpress\/wp-content\/uploads\/2017\/04\/IMG3012-508x339.jpg 508w, https:\/\/bildvogt.eu\/wordpress\/wp-content\/uploads\/2017\/04\/IMG3012.jpg 2000w\" sizes=\"auto, (max-width: 1024px) 100vw, 1024px\" \/><figcaption>Mick Box \/ Alexander Beyrodt<\/figcaption><\/figure>\n\n\n\n<figure class=\"wp-block-image size-large\"><img loading=\"lazy\" decoding=\"async\" width=\"1024\" height=\"691\" data-id=\"355\" src=\"http:\/\/emvee.de\/wordpress\/wp-content\/uploads\/2017\/05\/IMG4786-1024x691.jpg\" alt=\"Yasi\" class=\"wp-image-355\" srcset=\"https:\/\/bildvogt.eu\/wordpress\/wp-content\/uploads\/2017\/05\/IMG4786-1024x691.jpg 1024w, https:\/\/bildvogt.eu\/wordpress\/wp-content\/uploads\/2017\/05\/IMG4786-300x202.jpg 300w, https:\/\/bildvogt.eu\/wordpress\/wp-content\/uploads\/2017\/05\/IMG4786-768x518.jpg 768w, https:\/\/bildvogt.eu\/wordpress\/wp-content\/uploads\/2017\/05\/IMG4786-1240x836.jpg 1240w, https:\/\/bildvogt.eu\/wordpress\/wp-content\/uploads\/2017\/05\/IMG4786-508x343.jpg 508w\" sizes=\"auto, (max-width: 1024px) 100vw, 1024px\" \/><figcaption>Yasi Hofer<\/figcaption><\/figure>\n\n\n\n<figure class=\"wp-block-image size-large\"><img loading=\"lazy\" decoding=\"async\" width=\"1024\" height=\"682\" data-id=\"330\" src=\"http:\/\/emvee.de\/wordpress\/wp-content\/uploads\/2017\/04\/IMG3491-1024x682.jpg\" alt=\"Gitarristen unter sich\" class=\"wp-image-330\" srcset=\"https:\/\/bildvogt.eu\/wordpress\/wp-content\/uploads\/2017\/04\/IMG3491-1024x682.jpg 1024w, https:\/\/bildvogt.eu\/wordpress\/wp-content\/uploads\/2017\/04\/IMG3491-300x200.jpg 300w, https:\/\/bildvogt.eu\/wordpress\/wp-content\/uploads\/2017\/04\/IMG3491-768x512.jpg 768w, https:\/\/bildvogt.eu\/wordpress\/wp-content\/uploads\/2017\/04\/IMG3491-1240x826.jpg 1240w, https:\/\/bildvogt.eu\/wordpress\/wp-content\/uploads\/2017\/04\/IMG3491-508x339.jpg 508w, https:\/\/bildvogt.eu\/wordpress\/wp-content\/uploads\/2017\/04\/IMG3491.jpg 2000w\" sizes=\"auto, (max-width: 1024px) 100vw, 1024px\" \/><figcaption>Tom Naumann und Don Felder<\/figcaption><\/figure>\n<\/figure>\n\n\n\n<figure class=\"wp-block-image size-full\"><img loading=\"lazy\" decoding=\"async\" width=\"1000\" height=\"667\" src=\"http:\/\/emvee.de\/wordpress\/wp-content\/uploads\/2021\/09\/IMG5181.jpg\" alt=\"\" class=\"wp-image-821\" srcset=\"https:\/\/bildvogt.eu\/wordpress\/wp-content\/uploads\/2021\/09\/IMG5181.jpg 1000w, https:\/\/bildvogt.eu\/wordpress\/wp-content\/uploads\/2021\/09\/IMG5181-300x200.jpg 300w, https:\/\/bildvogt.eu\/wordpress\/wp-content\/uploads\/2021\/09\/IMG5181-768x512.jpg 768w, https:\/\/bildvogt.eu\/wordpress\/wp-content\/uploads\/2021\/09\/IMG5181-508x339.jpg 508w\" sizes=\"auto, (max-width: 1000px) 100vw, 1000px\" \/><figcaption>Marta Jandov\u00e1 (Die Happy)<\/figcaption><\/figure>\n\n\n\n<figure class=\"wp-block-image size-large\"><img loading=\"lazy\" decoding=\"async\" width=\"1024\" height=\"683\" src=\"https:\/\/bildvogt.eu\/wordpress\/wp-content\/uploads\/2022\/08\/FB_IMG_1659431784567-1024x683.jpg\" alt=\"\" class=\"wp-image-973\" srcset=\"https:\/\/bildvogt.eu\/wordpress\/wp-content\/uploads\/2022\/08\/FB_IMG_1659431784567-1024x683.jpg 1024w, https:\/\/bildvogt.eu\/wordpress\/wp-content\/uploads\/2022\/08\/FB_IMG_1659431784567-300x200.jpg 300w, https:\/\/bildvogt.eu\/wordpress\/wp-content\/uploads\/2022\/08\/FB_IMG_1659431784567-768x512.jpg 768w, https:\/\/bildvogt.eu\/wordpress\/wp-content\/uploads\/2022\/08\/FB_IMG_1659431784567-508x339.jpg 508w, https:\/\/bildvogt.eu\/wordpress\/wp-content\/uploads\/2022\/08\/FB_IMG_1659431784567.jpg 1079w\" sizes=\"auto, (max-width: 1024px) 100vw, 1024px\" \/><figcaption>Angry Anderson (Rose Tattoo)<\/figcaption><\/figure>\n\n\n\n<figure class=\"wp-block-image size-large\"><img loading=\"lazy\" decoding=\"async\" width=\"1024\" height=\"684\" src=\"https:\/\/bildvogt.eu\/wordpress\/wp-content\/uploads\/2022\/10\/IMG8186-1024x684.jpg\" alt=\"\" class=\"wp-image-1088\" srcset=\"https:\/\/bildvogt.eu\/wordpress\/wp-content\/uploads\/2022\/10\/IMG8186-1024x684.jpg 1024w, https:\/\/bildvogt.eu\/wordpress\/wp-content\/uploads\/2022\/10\/IMG8186-300x200.jpg 300w, https:\/\/bildvogt.eu\/wordpress\/wp-content\/uploads\/2022\/10\/IMG8186-768x513.jpg 768w, https:\/\/bildvogt.eu\/wordpress\/wp-content\/uploads\/2022\/10\/IMG8186-1536x1025.jpg 1536w, https:\/\/bildvogt.eu\/wordpress\/wp-content\/uploads\/2022\/10\/IMG8186.jpg 2000w\" sizes=\"auto, (max-width: 1024px) 100vw, 1024px\" \/><figcaption>Hellmut Hattler (Hattler, Tab Two, Kraan, Siyou&#8217;n&#8217;Hell)<\/figcaption><\/figure>\n\n\n\n<p class=\"has-text-align-center has-medium-font-size\"><strong>Natur- und Landschaftsfotografien:<\/strong><\/p>\n\n\n\n<figure class=\"wp-block-gallery has-nested-images columns-default is-cropped wp-block-gallery-2 is-layout-flex wp-block-gallery-is-layout-flex\">\n<figure class=\"wp-block-image size-large\"><img loading=\"lazy\" decoding=\"async\" width=\"1024\" height=\"683\" data-id=\"557\" src=\"http:\/\/emvee.de\/wordpress\/wp-content\/uploads\/2018\/11\/IMG8877-1024x683.jpg\" alt=\"\" class=\"wp-image-557\" srcset=\"https:\/\/bildvogt.eu\/wordpress\/wp-content\/uploads\/2018\/11\/IMG8877-1024x683.jpg 1024w, https:\/\/bildvogt.eu\/wordpress\/wp-content\/uploads\/2018\/11\/IMG8877-300x200.jpg 300w, https:\/\/bildvogt.eu\/wordpress\/wp-content\/uploads\/2018\/11\/IMG8877-768x513.jpg 768w, https:\/\/bildvogt.eu\/wordpress\/wp-content\/uploads\/2018\/11\/IMG8877-1240x828.jpg 1240w, https:\/\/bildvogt.eu\/wordpress\/wp-content\/uploads\/2018\/11\/IMG8877-508x339.jpg 508w\" sizes=\"auto, (max-width: 1024px) 100vw, 1024px\" \/><figcaption>Sonnenuntergang<\/figcaption><\/figure>\n\n\n\n<figure class=\"wp-block-image size-large\"><img loading=\"lazy\" decoding=\"async\" width=\"1024\" height=\"683\" data-id=\"551\" src=\"http:\/\/emvee.de\/wordpress\/wp-content\/uploads\/2018\/08\/IMG8906-1024x683.jpg\" alt=\"\" class=\"wp-image-551\" srcset=\"https:\/\/bildvogt.eu\/wordpress\/wp-content\/uploads\/2018\/08\/IMG8906-1024x683.jpg 1024w, https:\/\/bildvogt.eu\/wordpress\/wp-content\/uploads\/2018\/08\/IMG8906-300x200.jpg 300w, https:\/\/bildvogt.eu\/wordpress\/wp-content\/uploads\/2018\/08\/IMG8906-768x512.jpg 768w, https:\/\/bildvogt.eu\/wordpress\/wp-content\/uploads\/2018\/08\/IMG8906-1240x827.jpg 1240w, https:\/\/bildvogt.eu\/wordpress\/wp-content\/uploads\/2018\/08\/IMG8906-508x339.jpg 508w\" sizes=\"auto, (max-width: 1024px) 100vw, 1024px\" \/><figcaption>Vilsalpsee<\/figcaption><\/figure>\n\n\n\n<figure class=\"wp-block-image size-large\"><img loading=\"lazy\" decoding=\"async\" width=\"1024\" height=\"475\" data-id=\"409\" src=\"http:\/\/emvee.de\/wordpress\/wp-content\/uploads\/2017\/07\/IMG8518-1024x475.jpg\" alt=\"Alpe Dornach\" class=\"wp-image-409\" srcset=\"https:\/\/bildvogt.eu\/wordpress\/wp-content\/uploads\/2017\/07\/IMG8518-1024x475.jpg 1024w, https:\/\/bildvogt.eu\/wordpress\/wp-content\/uploads\/2017\/07\/IMG8518-300x139.jpg 300w, https:\/\/bildvogt.eu\/wordpress\/wp-content\/uploads\/2017\/07\/IMG8518-768x356.jpg 768w, https:\/\/bildvogt.eu\/wordpress\/wp-content\/uploads\/2017\/07\/IMG8518-1240x576.jpg 1240w, https:\/\/bildvogt.eu\/wordpress\/wp-content\/uploads\/2017\/07\/IMG8518-508x236.jpg 508w\" sizes=\"auto, (max-width: 1024px) 100vw, 1024px\" \/><figcaption>Ausblick von der Alpe Dornach<\/figcaption><\/figure>\n\n\n\n<figure class=\"wp-block-image size-large\"><img loading=\"lazy\" decoding=\"async\" width=\"1024\" height=\"683\" data-id=\"347\" src=\"http:\/\/emvee.de\/wordpress\/wp-content\/uploads\/2017\/05\/IMG3885-1024x683.jpg\" alt=\"St. Sebastian in Ramsau\" class=\"wp-image-347\" srcset=\"https:\/\/bildvogt.eu\/wordpress\/wp-content\/uploads\/2017\/05\/IMG3885-1024x683.jpg 1024w, https:\/\/bildvogt.eu\/wordpress\/wp-content\/uploads\/2017\/05\/IMG3885-300x200.jpg 300w, https:\/\/bildvogt.eu\/wordpress\/wp-content\/uploads\/2017\/05\/IMG3885-768x513.jpg 768w, https:\/\/bildvogt.eu\/wordpress\/wp-content\/uploads\/2017\/05\/IMG3885-1240x828.jpg 1240w, https:\/\/bildvogt.eu\/wordpress\/wp-content\/uploads\/2017\/05\/IMG3885-508x339.jpg 508w\" sizes=\"auto, (max-width: 1024px) 100vw, 1024px\" \/><figcaption>St. Sebastian in Ramsau<\/figcaption><\/figure>\n\n\n\n<figure class=\"wp-block-image size-large\"><img loading=\"lazy\" decoding=\"async\" width=\"1024\" height=\"680\" data-id=\"174\" src=\"http:\/\/emvee.de\/wordpress\/wp-content\/uploads\/2016\/10\/Natur-\u2013-Maienwa\u0308ldle-1-kl-1024x680.jpg\" alt=\"\" class=\"wp-image-174\" srcset=\"https:\/\/bildvogt.eu\/wordpress\/wp-content\/uploads\/2016\/10\/Natur-\u2013-Maienwa\u0308ldle-1-kl-1024x680.jpg 1024w, https:\/\/bildvogt.eu\/wordpress\/wp-content\/uploads\/2016\/10\/Natur-\u2013-Maienwa\u0308ldle-1-kl-300x199.jpg 300w, https:\/\/bildvogt.eu\/wordpress\/wp-content\/uploads\/2016\/10\/Natur-\u2013-Maienwa\u0308ldle-1-kl-768x510.jpg 768w, https:\/\/bildvogt.eu\/wordpress\/wp-content\/uploads\/2016\/10\/Natur-\u2013-Maienwa\u0308ldle-1-kl-1240x823.jpg 1240w, https:\/\/bildvogt.eu\/wordpress\/wp-content\/uploads\/2016\/10\/Natur-\u2013-Maienwa\u0308ldle-1-kl-508x337.jpg 508w, https:\/\/bildvogt.eu\/wordpress\/wp-content\/uploads\/2016\/10\/Natur-\u2013-Maienwa\u0308ldle-1-kl.jpg 1280w\" sizes=\"auto, (max-width: 1024px) 100vw, 1024px\" \/><figcaption>Herbst im Wald<\/figcaption><\/figure>\n\n\n\n<figure class=\"wp-block-image size-large\"><img loading=\"lazy\" decoding=\"async\" width=\"1024\" height=\"680\" data-id=\"107\" src=\"http:\/\/emvee.de\/wordpress\/wp-content\/uploads\/2016\/09\/Natur-\u2013-Herbst-am-Kuhberg-1024x680.jpg\" alt=\"Herbst am Kuhberg\" class=\"wp-image-107\" srcset=\"https:\/\/bildvogt.eu\/wordpress\/wp-content\/uploads\/2016\/09\/Natur-\u2013-Herbst-am-Kuhberg-1024x680.jpg 1024w, https:\/\/bildvogt.eu\/wordpress\/wp-content\/uploads\/2016\/09\/Natur-\u2013-Herbst-am-Kuhberg-300x199.jpg 300w, https:\/\/bildvogt.eu\/wordpress\/wp-content\/uploads\/2016\/09\/Natur-\u2013-Herbst-am-Kuhberg-768x510.jpg 768w, https:\/\/bildvogt.eu\/wordpress\/wp-content\/uploads\/2016\/09\/Natur-\u2013-Herbst-am-Kuhberg-1240x824.jpg 1240w, https:\/\/bildvogt.eu\/wordpress\/wp-content\/uploads\/2016\/09\/Natur-\u2013-Herbst-am-Kuhberg-508x338.jpg 508w\" sizes=\"auto, (max-width: 1024px) 100vw, 1024px\" \/><figcaption>Herbst am Kuhberg<\/figcaption><\/figure>\n\n\n\n<figure class=\"wp-block-image size-large\"><img loading=\"lazy\" decoding=\"async\" width=\"1024\" height=\"683\" data-id=\"350\" src=\"http:\/\/emvee.de\/wordpress\/wp-content\/uploads\/2017\/05\/IMG4015-Bearbeitet-1024x683.jpg\" alt=\"Am Hintersee\" class=\"wp-image-350\" srcset=\"https:\/\/bildvogt.eu\/wordpress\/wp-content\/uploads\/2017\/05\/IMG4015-Bearbeitet-1024x683.jpg 1024w, https:\/\/bildvogt.eu\/wordpress\/wp-content\/uploads\/2017\/05\/IMG4015-Bearbeitet-300x200.jpg 300w, https:\/\/bildvogt.eu\/wordpress\/wp-content\/uploads\/2017\/05\/IMG4015-Bearbeitet-768x512.jpg 768w, https:\/\/bildvogt.eu\/wordpress\/wp-content\/uploads\/2017\/05\/IMG4015-Bearbeitet-1240x827.jpg 1240w, https:\/\/bildvogt.eu\/wordpress\/wp-content\/uploads\/2017\/05\/IMG4015-Bearbeitet-508x339.jpg 508w\" sizes=\"auto, (max-width: 1024px) 100vw, 1024px\" \/><figcaption>Am Hintersee<\/figcaption><\/figure>\n\n\n\n<figure class=\"wp-block-image size-large\"><img loading=\"lazy\" decoding=\"async\" width=\"1024\" height=\"683\" data-id=\"277\" src=\"http:\/\/emvee.de\/wordpress\/wp-content\/uploads\/2017\/01\/IMG5785-1024x683.jpg\" alt=\"Einsamer Baum\" class=\"wp-image-277\" srcset=\"https:\/\/bildvogt.eu\/wordpress\/wp-content\/uploads\/2017\/01\/IMG5785-1024x683.jpg 1024w, https:\/\/bildvogt.eu\/wordpress\/wp-content\/uploads\/2017\/01\/IMG5785-300x200.jpg 300w, https:\/\/bildvogt.eu\/wordpress\/wp-content\/uploads\/2017\/01\/IMG5785-768x513.jpg 768w, https:\/\/bildvogt.eu\/wordpress\/wp-content\/uploads\/2017\/01\/IMG5785-1240x828.jpg 1240w, https:\/\/bildvogt.eu\/wordpress\/wp-content\/uploads\/2017\/01\/IMG5785-508x339.jpg 508w\" sizes=\"auto, (max-width: 1024px) 100vw, 1024px\" \/><figcaption>Einsamer Baum<\/figcaption><\/figure>\n<\/figure>\n\n\n\n<p class=\"has-text-align-center has-medium-font-size\"><strong>Architektur &amp; St\u00e4dtereisen:<\/strong><\/p>\n\n\n\n<figure class=\"wp-block-gallery has-nested-images columns-default is-cropped wp-block-gallery-3 is-layout-flex wp-block-gallery-is-layout-flex\">\n<figure class=\"wp-block-image size-large\"><img loading=\"lazy\" decoding=\"async\" width=\"1024\" height=\"807\" data-id=\"530\" src=\"http:\/\/emvee.de\/wordpress\/wp-content\/uploads\/2018\/04\/Neu-Ulm-\u2013-St.-Johann-Baptist-1-1024x807.jpg\" alt=\"St. Johann Baptist Neu-Ulm\" class=\"wp-image-530\" srcset=\"https:\/\/bildvogt.eu\/wordpress\/wp-content\/uploads\/2018\/04\/Neu-Ulm-\u2013-St.-Johann-Baptist-1-1024x807.jpg 1024w, https:\/\/bildvogt.eu\/wordpress\/wp-content\/uploads\/2018\/04\/Neu-Ulm-\u2013-St.-Johann-Baptist-1-300x236.jpg 300w, https:\/\/bildvogt.eu\/wordpress\/wp-content\/uploads\/2018\/04\/Neu-Ulm-\u2013-St.-Johann-Baptist-1-768x605.jpg 768w, https:\/\/bildvogt.eu\/wordpress\/wp-content\/uploads\/2018\/04\/Neu-Ulm-\u2013-St.-Johann-Baptist-1-1240x977.jpg 1240w, https:\/\/bildvogt.eu\/wordpress\/wp-content\/uploads\/2018\/04\/Neu-Ulm-\u2013-St.-Johann-Baptist-1-508x400.jpg 508w\" sizes=\"auto, (max-width: 1024px) 100vw, 1024px\" \/><figcaption>Neu-Ulm<\/figcaption><\/figure>\n\n\n\n<figure class=\"wp-block-image size-large\"><img loading=\"lazy\" decoding=\"async\" width=\"1024\" height=\"569\" data-id=\"485\" src=\"http:\/\/emvee.de\/wordpress\/wp-content\/uploads\/2017\/11\/IMG8757-1024x569.jpg\" alt=\"Altstadt\" class=\"wp-image-485\" srcset=\"https:\/\/bildvogt.eu\/wordpress\/wp-content\/uploads\/2017\/11\/IMG8757-1024x569.jpg 1024w, https:\/\/bildvogt.eu\/wordpress\/wp-content\/uploads\/2017\/11\/IMG8757-300x167.jpg 300w, https:\/\/bildvogt.eu\/wordpress\/wp-content\/uploads\/2017\/11\/IMG8757-768x427.jpg 768w, https:\/\/bildvogt.eu\/wordpress\/wp-content\/uploads\/2017\/11\/IMG8757-1240x689.jpg 1240w, https:\/\/bildvogt.eu\/wordpress\/wp-content\/uploads\/2017\/11\/IMG8757-508x282.jpg 508w\" sizes=\"auto, (max-width: 1024px) 100vw, 1024px\" \/><figcaption>Dresden<\/figcaption><\/figure>\n\n\n\n<figure class=\"wp-block-image size-large\"><img loading=\"lazy\" decoding=\"async\" width=\"1024\" height=\"683\" data-id=\"487\" src=\"http:\/\/emvee.de\/wordpress\/wp-content\/uploads\/2017\/11\/IMG8195-1024x683.jpg\" alt=\"Brandenburger Tor\" class=\"wp-image-487\" srcset=\"https:\/\/bildvogt.eu\/wordpress\/wp-content\/uploads\/2017\/11\/IMG8195-1024x683.jpg 1024w, https:\/\/bildvogt.eu\/wordpress\/wp-content\/uploads\/2017\/11\/IMG8195-300x200.jpg 300w, https:\/\/bildvogt.eu\/wordpress\/wp-content\/uploads\/2017\/11\/IMG8195-768x512.jpg 768w, https:\/\/bildvogt.eu\/wordpress\/wp-content\/uploads\/2017\/11\/IMG8195-1240x827.jpg 1240w, https:\/\/bildvogt.eu\/wordpress\/wp-content\/uploads\/2017\/11\/IMG8195-508x339.jpg 508w\" sizes=\"auto, (max-width: 1024px) 100vw, 1024px\" \/><figcaption>Brandenburger Tor<\/figcaption><\/figure>\n\n\n\n<figure class=\"wp-block-image size-large\"><img loading=\"lazy\" decoding=\"async\" width=\"1024\" height=\"671\" data-id=\"481\" src=\"http:\/\/emvee.de\/wordpress\/wp-content\/uploads\/2017\/11\/IMG8546-Bearbeitet-1024x671.jpg\" alt=\"Schloss Moritzburg\" class=\"wp-image-481\" srcset=\"https:\/\/bildvogt.eu\/wordpress\/wp-content\/uploads\/2017\/11\/IMG8546-Bearbeitet-1024x671.jpg 1024w, https:\/\/bildvogt.eu\/wordpress\/wp-content\/uploads\/2017\/11\/IMG8546-Bearbeitet-300x196.jpg 300w, https:\/\/bildvogt.eu\/wordpress\/wp-content\/uploads\/2017\/11\/IMG8546-Bearbeitet-768x503.jpg 768w, https:\/\/bildvogt.eu\/wordpress\/wp-content\/uploads\/2017\/11\/IMG8546-Bearbeitet-1240x812.jpg 1240w, https:\/\/bildvogt.eu\/wordpress\/wp-content\/uploads\/2017\/11\/IMG8546-Bearbeitet-508x333.jpg 508w\" sizes=\"auto, (max-width: 1024px) 100vw, 1024px\" \/><figcaption>Schloss Moritzburg<\/figcaption><\/figure>\n\n\n\n<figure class=\"wp-block-image size-large\"><img loading=\"lazy\" decoding=\"async\" width=\"1024\" height=\"683\" data-id=\"473\" src=\"http:\/\/emvee.de\/wordpress\/wp-content\/uploads\/2017\/11\/IMG8201-1024x683.jpg\" alt=\"Potsdamer Platz\" class=\"wp-image-473\" srcset=\"https:\/\/bildvogt.eu\/wordpress\/wp-content\/uploads\/2017\/11\/IMG8201-1024x683.jpg 1024w, https:\/\/bildvogt.eu\/wordpress\/wp-content\/uploads\/2017\/11\/IMG8201-300x200.jpg 300w, https:\/\/bildvogt.eu\/wordpress\/wp-content\/uploads\/2017\/11\/IMG8201-768x512.jpg 768w, https:\/\/bildvogt.eu\/wordpress\/wp-content\/uploads\/2017\/11\/IMG8201-1240x827.jpg 1240w, https:\/\/bildvogt.eu\/wordpress\/wp-content\/uploads\/2017\/11\/IMG8201-508x339.jpg 508w\" sizes=\"auto, (max-width: 1024px) 100vw, 1024px\" \/><figcaption>Potsdamer Platz, Berlin<\/figcaption><\/figure>\n\n\n\n<figure class=\"wp-block-image size-large\"><img loading=\"lazy\" decoding=\"async\" width=\"1024\" height=\"791\" data-id=\"430\" src=\"http:\/\/emvee.de\/wordpress\/wp-content\/uploads\/2017\/08\/Ulm-\u2013-Schiefes-Haus-bei-Nacht-1024x791.jpg\" alt=\"Das Schiefe Haus\" class=\"wp-image-430\" srcset=\"https:\/\/bildvogt.eu\/wordpress\/wp-content\/uploads\/2017\/08\/Ulm-\u2013-Schiefes-Haus-bei-Nacht-1024x791.jpg 1024w, https:\/\/bildvogt.eu\/wordpress\/wp-content\/uploads\/2017\/08\/Ulm-\u2013-Schiefes-Haus-bei-Nacht-300x232.jpg 300w, https:\/\/bildvogt.eu\/wordpress\/wp-content\/uploads\/2017\/08\/Ulm-\u2013-Schiefes-Haus-bei-Nacht-768x593.jpg 768w, https:\/\/bildvogt.eu\/wordpress\/wp-content\/uploads\/2017\/08\/Ulm-\u2013-Schiefes-Haus-bei-Nacht-1240x958.jpg 1240w, https:\/\/bildvogt.eu\/wordpress\/wp-content\/uploads\/2017\/08\/Ulm-\u2013-Schiefes-Haus-bei-Nacht-508x392.jpg 508w\" sizes=\"auto, (max-width: 1024px) 100vw, 1024px\" \/><figcaption>Schiefes Haus, Ulm<\/figcaption><\/figure>\n\n\n\n<figure class=\"wp-block-image size-large\"><img loading=\"lazy\" decoding=\"async\" width=\"684\" height=\"1024\" data-id=\"256\" src=\"http:\/\/emvee.de\/wordpress\/wp-content\/uploads\/2017\/01\/Ulm-\u2013-Mu\u0308nster-33-684x1024.jpg\" alt=\"Ulmer M\u00fcnster\" class=\"wp-image-256\" srcset=\"https:\/\/bildvogt.eu\/wordpress\/wp-content\/uploads\/2017\/01\/Ulm-\u2013-Mu\u0308nster-33-684x1024.jpg 684w, https:\/\/bildvogt.eu\/wordpress\/wp-content\/uploads\/2017\/01\/Ulm-\u2013-Mu\u0308nster-33-200x300.jpg 200w, https:\/\/bildvogt.eu\/wordpress\/wp-content\/uploads\/2017\/01\/Ulm-\u2013-Mu\u0308nster-33-768x1151.jpg 768w, https:\/\/bildvogt.eu\/wordpress\/wp-content\/uploads\/2017\/01\/Ulm-\u2013-Mu\u0308nster-33-1240x1858.jpg 1240w, https:\/\/bildvogt.eu\/wordpress\/wp-content\/uploads\/2017\/01\/Ulm-\u2013-Mu\u0308nster-33-508x761.jpg 508w, https:\/\/bildvogt.eu\/wordpress\/wp-content\/uploads\/2017\/01\/Ulm-\u2013-Mu\u0308nster-33.jpg 1335w\" sizes=\"auto, (max-width: 684px) 100vw, 684px\" \/><figcaption>Ulmer M\u00fcnster<\/figcaption><\/figure>\n\n\n\n<figure class=\"wp-block-image size-large\"><img loading=\"lazy\" decoding=\"async\" width=\"683\" height=\"1024\" data-id=\"483\" src=\"http:\/\/emvee.de\/wordpress\/wp-content\/uploads\/2017\/11\/IMG8620-Bearbeitet-683x1024.jpg\" alt=\"Frauenkirche Dresden\" class=\"wp-image-483\" srcset=\"https:\/\/bildvogt.eu\/wordpress\/wp-content\/uploads\/2017\/11\/IMG8620-Bearbeitet-683x1024.jpg 683w, https:\/\/bildvogt.eu\/wordpress\/wp-content\/uploads\/2017\/11\/IMG8620-Bearbeitet-200x300.jpg 200w, https:\/\/bildvogt.eu\/wordpress\/wp-content\/uploads\/2017\/11\/IMG8620-Bearbeitet-768x1152.jpg 768w, https:\/\/bildvogt.eu\/wordpress\/wp-content\/uploads\/2017\/11\/IMG8620-Bearbeitet-1240x1860.jpg 1240w, https:\/\/bildvogt.eu\/wordpress\/wp-content\/uploads\/2017\/11\/IMG8620-Bearbeitet-508x762.jpg 508w\" sizes=\"auto, (max-width: 683px) 100vw, 683px\" \/><figcaption>Frauenkirche Dresden<\/figcaption><\/figure>\n\n\n\n<figure class=\"wp-block-image size-large\"><img loading=\"lazy\" decoding=\"async\" width=\"1024\" height=\"680\" data-id=\"79\" src=\"http:\/\/emvee.de\/wordpress\/wp-content\/uploads\/2016\/08\/Ulm-Wilhelmsburg-10-1024x680.jpg\" alt=\"Wilhelmsburg\" class=\"wp-image-79\" srcset=\"https:\/\/bildvogt.eu\/wordpress\/wp-content\/uploads\/2016\/08\/Ulm-Wilhelmsburg-10-1024x680.jpg 1024w, https:\/\/bildvogt.eu\/wordpress\/wp-content\/uploads\/2016\/08\/Ulm-Wilhelmsburg-10-300x199.jpg 300w, https:\/\/bildvogt.eu\/wordpress\/wp-content\/uploads\/2016\/08\/Ulm-Wilhelmsburg-10-768x510.jpg 768w, https:\/\/bildvogt.eu\/wordpress\/wp-content\/uploads\/2016\/08\/Ulm-Wilhelmsburg-10-1240x824.jpg 1240w, https:\/\/bildvogt.eu\/wordpress\/wp-content\/uploads\/2016\/08\/Ulm-Wilhelmsburg-10-508x338.jpg 508w\" sizes=\"auto, (max-width: 1024px) 100vw, 1024px\" \/><figcaption>Wilhelmsburg, Ulm<\/figcaption><\/figure>\n\n\n\n<figure class=\"wp-block-image size-large\"><img loading=\"lazy\" decoding=\"async\" width=\"1024\" height=\"579\" data-id=\"206\" src=\"http:\/\/emvee.de\/wordpress\/wp-content\/uploads\/2016\/11\/Sigmaringen-\u2013-Hohenzollernschloss-1-1024x579.jpg\" alt=\"Schloss Sigmaringen\" class=\"wp-image-206\" srcset=\"https:\/\/bildvogt.eu\/wordpress\/wp-content\/uploads\/2016\/11\/Sigmaringen-\u2013-Hohenzollernschloss-1-1024x579.jpg 1024w, https:\/\/bildvogt.eu\/wordpress\/wp-content\/uploads\/2016\/11\/Sigmaringen-\u2013-Hohenzollernschloss-1-300x170.jpg 300w, https:\/\/bildvogt.eu\/wordpress\/wp-content\/uploads\/2016\/11\/Sigmaringen-\u2013-Hohenzollernschloss-1-768x434.jpg 768w, https:\/\/bildvogt.eu\/wordpress\/wp-content\/uploads\/2016\/11\/Sigmaringen-\u2013-Hohenzollernschloss-1-1240x701.jpg 1240w, https:\/\/bildvogt.eu\/wordpress\/wp-content\/uploads\/2016\/11\/Sigmaringen-\u2013-Hohenzollernschloss-1-508x287.jpg 508w\" sizes=\"auto, (max-width: 1024px) 100vw, 1024px\" \/><figcaption>Schloss Sigmaringen<\/figcaption><\/figure>\n\n\n\n<figure class=\"wp-block-image size-large\"><img loading=\"lazy\" decoding=\"async\" width=\"1024\" height=\"678\" data-id=\"535\" src=\"http:\/\/emvee.de\/wordpress\/wp-content\/uploads\/2018\/04\/So\u0308flingen-\u2013-Fort-Oberer-Kuhberg-25-1024x678.jpg\" alt=\"Fort Oberer Kuhberg\" class=\"wp-image-535\" srcset=\"https:\/\/bildvogt.eu\/wordpress\/wp-content\/uploads\/2018\/04\/So\u0308flingen-\u2013-Fort-Oberer-Kuhberg-25-1024x678.jpg 1024w, https:\/\/bildvogt.eu\/wordpress\/wp-content\/uploads\/2018\/04\/So\u0308flingen-\u2013-Fort-Oberer-Kuhberg-25-300x199.jpg 300w, https:\/\/bildvogt.eu\/wordpress\/wp-content\/uploads\/2018\/04\/So\u0308flingen-\u2013-Fort-Oberer-Kuhberg-25-768x509.jpg 768w, https:\/\/bildvogt.eu\/wordpress\/wp-content\/uploads\/2018\/04\/So\u0308flingen-\u2013-Fort-Oberer-Kuhberg-25-1240x821.jpg 1240w, https:\/\/bildvogt.eu\/wordpress\/wp-content\/uploads\/2018\/04\/So\u0308flingen-\u2013-Fort-Oberer-Kuhberg-25-508x336.jpg 508w\" sizes=\"auto, (max-width: 1024px) 100vw, 1024px\" \/><figcaption>Fort Oberer Kuhberg, Ulm<\/figcaption><\/figure>\n<\/figure>\n\n\n\n<p><\/p>\n\n\n\n<p>Wenn Sie an einer Zusammenarbeit interessiert sind, k\u00f6nnen Sie mir hier gerne Ihre Anfrage stellen. Mein \u00fcblicher Aktionsradius betr\u00e4gt etwa 150 km rund um Ulm oder anders gesprochen: S\u00fcddeutschland und angrenzende Gebiete. Weitere Entfernungen sind nach Absprache aber gerne machbar.<\/p>\n\n\n\n<p><\/p>\n","protected":false},"excerpt":{"rendered":"<p>Haupts\u00e4chlich fotografiere ich auf Konzerten und kulturellen Veranstaltungen, privat bin ich zudem oft in der Landschaft oder in historischen St\u00e4tten unterwegs. Anbei eine Auswahl meiner Arbeiten. Konzertfotografien Natur- und Landschaftsfotografien: Architektur &amp; St\u00e4dtereisen: Wenn Sie an einer Zusammenarbeit interessiert sind, k\u00f6nnen Sie mir hier gerne Ihre Anfrage stellen. Mein \u00fcblicher Aktionsradius betr\u00e4gt etwa 150 km&#8230;<\/p>\n<p class=\"more-link-wrap\"><a href=\"https:\/\/bildvogt.eu\/wordpress\/portfolio\/\" class=\"more-link\">Weiterlesen<span class=\"screen-reader-text\"> &ldquo;Portfolio&rdquo;<\/span> &raquo;<\/a><\/p>\n","protected":false},"author":1,"featured_media":0,"parent":0,"menu_order":0,"comment_status":"closed","ping_status":"closed","template":"","meta":{"footnotes":""},"class_list":["post-571","page","type-page","status-publish","hentry"],"_links":{"self":[{"href":"https:\/\/bildvogt.eu\/wordpress\/wp-json\/wp\/v2\/pages\/571","targetHints":{"allow":["GET"]}}],"collection":[{"href":"https:\/\/bildvogt.eu\/wordpress\/wp-json\/wp\/v2\/pages"}],"about":[{"href":"https:\/\/bildvogt.eu\/wordpress\/wp-json\/wp\/v2\/types\/page"}],"author":[{"embeddable":true,"href":"https:\/\/bildvogt.eu\/wordpress\/wp-json\/wp\/v2\/users\/1"}],"replies":[{"embeddable":true,"href":"https:\/\/bildvogt.eu\/wordpress\/wp-json\/wp\/v2\/comments?post=571"}],"version-history":[{"count":10,"href":"https:\/\/bildvogt.eu\/wordpress\/wp-json\/wp\/v2\/pages\/571\/revisions"}],"predecessor-version":[{"id":1097,"href":"https:\/\/bildvogt.eu\/wordpress\/wp-json\/wp\/v2\/pages\/571\/revisions\/1097"}],"wp:attachment":[{"href":"https:\/\/bildvogt.eu\/wordpress\/wp-json\/wp\/v2\/media?parent=571"}],"curies":[{"name":"wp","href":"https:\/\/api.w.org\/{rel}","templated":true}]}}