{"id":448,"date":"2017-08-21T06:06:19","date_gmt":"2017-08-21T04:06:19","guid":{"rendered":"http:\/\/emvee.de\/wordpress\/?page_id=448"},"modified":"2025-03-17T21:20:04","modified_gmt":"2025-03-17T20:20:04","slug":"referenzen-bands-konzerte","status":"publish","type":"page","link":"https:\/\/bildvogt.eu\/wordpress\/referenzen-bands-konzerte\/","title":{"rendered":"Buchbar: Der Bildvogt als Konzert-, Band-und Tourfotograf"},"content":{"rendered":"<p>Im Bereich Konzertfotografie kann ich mittlerweile auf ein Jahrzehnt Erfahrung zur\u00fcckblicken, von kleinen Clubshows mit um die 50 Zuh\u00f6rer bis hin zu gro\u00dfen Events mit mehreren tausend Fans, vorwiegend im Bereich Rock und Metal.<\/p>\n<p>In der Regel arbeite ich als Hausfotograf f\u00fcr das Ulmer Kulturzentrum Roxy und die bigBOX Allg\u00e4u in Kempten, daneben auch als freier Fotograf f\u00fcr die Neu-Ulmer Zeitung, einer Lokalausgabe der Augsburger Allgemeinen, die S\u00fcdwest Presse sowie als Fotograf und Redakteur f\u00fcr das Onlinemagazin POWERMETAL.de. Daneben arbeite ich auch direkt mit K\u00fcnstlern und auch deren Veranstaltern zusammen, wobei mir das wichtigste ist, dass die Person oder Gruppe mit meinen Bildern und meiner Arbeitsleistung vollauf zufrieden ist.<\/p>\n<p>Ich arbeite mit mehreren Pentax-Spiegelreflexkameras (K-1 Vollformat, K-5 II und K-7), mehreren qualitativ hochwertigen Linsen der Hersteller Pentax, Sigma und Soligor sowie &#8211; bei Bedarf &#8211; mit Blitzen von Metz.<\/p>\n<p>Wenn euch mein Stil gef\u00e4llt und ihr euch vorstellen k\u00f6nnt, euch auf einer Show oder einer ganzen Tour von mir ablichten zu lassen, k\u00f6nnt ihr mir gerne eine Mail an info@bildvogt.eu schicken oder mich per Telefon und WhatsApp unter 015123476015 kontaktieren.<\/p>\n<p>Ich spreche flie\u00dfend deutsch, gut Englisch und habe Basiskenntnisse in Japanisch.<\/p>\n<hr \/>\n<p>In the field of concert photography I can look back onto a decade of experience, be it small shows with around 50 listeners or big events with several thousands of fans, focusing on Rock and Metal music mainly.<\/p>\n<p>I work as a photographer for the Roxy cultural center in Ulm and the bigBOX Allg\u00e4u in Kempten. Added to that I&#8217;m a freelancing photographer working for the Neu-Ulmer Zeitung, a local newspaper of the Augsburger Allgemeine, the S\u00fcdwest Presse, and as a photographer and editor for the web magazine POWERMETAL.de. Aside from that all I&#8217;m also working directly with artists, performers and their agencies. The utmost importance for me is for the client to be fully satisfied with my pictures and my work.<\/p>\n<p>I work with Pentax DSLR cameras (K-1 full-frame, K-5 II and K-7), several high-quality lenses from Pentax, Sigma and Soligor and &#8211; when needed &#8211; with a Metz flash.<\/p>\n<p>If you like my photographic style and you would like to be photographed at a single show or even a whole tour, please contact me via mail at info@bildvogt.eu or via telephone or WhatsApp message under +4915123476015.<\/p>\n<p>I can communicate in German and English, and have a little basic understanding in Japanese.<\/p>\n<hr \/>\n<p>\u30b3\u30f3\u30b5\u30fc\u30c8\u5199\u771f\u306e\u5206\u91ce\u3067\u306f\u3001\u30ed\u30c3\u30af\u3084\u30e1\u30bf\u30eb\u97f3\u697d\u3092\u4e2d\u5fc3\u306b\u300150\u4eba\u7a0b\u5ea6\u306e\u89b3\u5ba2\u304c\u96c6\u307e\u308b\u5c0f\u3055\u306a\u30b7\u30e7\u30fc\u304b\u3089\u6570\u5343\u4eba\u306e\u30d5\u30a1\u30f3\u304c\u96c6\u307e\u308b\u5927\u304d\u306a\u30a4\u30d9\u30f3\u30c8\u307e\u3067\u300110\u5e74\u306b\u308f\u305f\u308b\u7d4c\u9a13\u3092\u632f\u308a\u8fd4\u308b\u3053\u3068\u304c\u3067\u304d\u308b\u3002<\/p>\n<p>\u30a6\u30eb\u30e0\u306b\u3042\u308b\u30ed\u30ad\u30b7\u30fc\u6587\u5316\u30bb\u30f3\u30bf\u30fc\u3068\u30b1\u30f3\u30d7\u30c6\u30f3\u306ebigBOX Allg\u00e4u\u3067\u30d5\u30a9\u30c8\u30b0\u30e9\u30d5\u30a1\u30fc\u3068\u3057\u3066\u50cd\u3044\u3066\u3044\u308b\u3002\u3055\u3089\u306b\u3001Augsburger Allgemeine\u306e\u5730\u5143\u7d19Neu-Ulmer Zeitung\u306e\u305f\u3081\u306b\u50cd\u304f\u30d5\u30ea\u30fc\u30e9\u30f3\u30b9\u306e\u30ab\u30e1\u30e9\u30de\u30f3\u3067\u3082\u3042\u308b\u3002\u305d\u308c\u4ee5\u5916\u306b\u3082\u3001\u30a2\u30fc\u30c6\u30a3\u30b9\u30c8\u3084\u30d1\u30d5\u30a9\u30fc\u30de\u30fc\u3001\u305d\u306e\u4ee3\u7406\u5e97\u3068\u76f4\u63a5\u4ed5\u4e8b\u3092\u3059\u308b\u3053\u3068\u3082\u3042\u308b\u3002\u79c1\u306b\u3068\u3063\u3066\u6700\u3082\u91cd\u8981\u306a\u3053\u3068\u306f\u3001\u30af\u30e9\u30a4\u30a2\u30f3\u30c8\u304c\u79c1\u306e\u5199\u771f\u3068\u4ed5\u4e8b\u306b\u5b8c\u5168\u306b\u6e80\u8db3\u3059\u308b\u3053\u3068\u3067\u3042\u308b\u3002<\/p>\n<p>\u79c1\u306f\u30da\u30f3\u30bf\u30c3\u30af\u30b9\u306e\u30c7\u30b8\u30bf\u30eb\u4e00\u773c\u30ec\u30d5\u30ab\u30e1\u30e9\uff08K-1\u30d5\u30eb\u30d5\u30ec\u30fc\u30e0\u3001K-5 II\u3001K-7\uff09\u3001\u30da\u30f3\u30bf\u30c3\u30af\u30b9\u3001\u30b7\u30b0\u30de\u3001Soligor\u306e\u9ad8\u54c1\u8cea\u30ec\u30f3\u30ba\u6570\u672c\u3068\u3001\u5fc5\u8981\u306b\u5fdc\u3058\u3066\u30e1\u30c3\u30c4\u30d5\u30e9\u30c3\u30b7\u30e5\u3092\u4f7f\u7528\u3057\u3066\u4ed5\u4e8b\u3092\u3057\u3066\u3044\u307e\u3059\u3002<\/p>\n<p>\u3082\u3057\u3042\u306a\u305f\u304c\u79c1\u306e\u5199\u771f\u30b9\u30bf\u30a4\u30eb\u3092\u6c17\u306b\u5165\u3063\u3066\u304f\u3060\u3055\u308a\u3001\u4e00\u3064\u306e\u30b7\u30e7\u30fc\u3001\u3042\u308b\u3044\u306f\u30c4\u30a2\u30fc\u5168\u4f53\u306e\u5199\u771f\u64ae\u5f71\u3092\u3054\u5e0c\u671b\u3067\u3057\u305f\u3089\u3001info@bildvogt.eu \u307e\u3067\u30e1\u30fc\u30eb\u3067\u3001\u3042\u308b\u3044\u306f\u96fb\u8a71\u3084WhatsApp\u30e1\u30c3\u30bb\u30fc\u30b8\uff08+4915123476015\uff09\u3067\u3054\u9023\u7d61\u304f\u3060\u3055\u3044\u3002<\/p>\n<p>\u30c9\u30a4\u30c4\u8a9e\u3068\u82f1\u8a9e\u3067\u306e\u30b3\u30df\u30e5\u30cb\u30b1\u30fc\u30b7\u30e7\u30f3\u304c\u53ef\u80fd\u3067\u3001\u65e5\u672c\u8a9e\u3082\u5c11\u3057\u7406\u89e3\u3059\u308b\u3053\u3068\u304c\u3067\u304d\u307e\u3059\u3002<\/p>\n","protected":false},"excerpt":{"rendered":"<p>Im Bereich Konzertfotografie kann ich mittlerweile auf ein Jahrzehnt Erfahrung zur\u00fcckblicken, von kleinen Clubshows mit um die 50 Zuh\u00f6rer bis hin zu gro\u00dfen Events mit mehreren tausend Fans, vorwiegend im Bereich Rock und Metal. In der Regel arbeite ich als Hausfotograf f\u00fcr das Ulmer Kulturzentrum Roxy und die bigBOX Allg\u00e4u in Kempten, daneben auch als&#8230;<\/p>\n<p class=\"more-link-wrap\"><a href=\"https:\/\/bildvogt.eu\/wordpress\/referenzen-bands-konzerte\/\" class=\"more-link\">Weiterlesen<span class=\"screen-reader-text\"> &ldquo;Buchbar: Der Bildvogt als Konzert-, Band-und Tourfotograf&rdquo;<\/span> &raquo;<\/a><\/p>\n","protected":false},"author":1,"featured_media":0,"parent":0,"menu_order":0,"comment_status":"closed","ping_status":"closed","template":"","meta":{"footnotes":""},"class_list":["post-448","page","type-page","status-publish","hentry"],"_links":{"self":[{"href":"https:\/\/bildvogt.eu\/wordpress\/wp-json\/wp\/v2\/pages\/448","targetHints":{"allow":["GET"]}}],"collection":[{"href":"https:\/\/bildvogt.eu\/wordpress\/wp-json\/wp\/v2\/pages"}],"about":[{"href":"https:\/\/bildvogt.eu\/wordpress\/wp-json\/wp\/v2\/types\/page"}],"author":[{"embeddable":true,"href":"https:\/\/bildvogt.eu\/wordpress\/wp-json\/wp\/v2\/users\/1"}],"replies":[{"embeddable":true,"href":"https:\/\/bildvogt.eu\/wordpress\/wp-json\/wp\/v2\/comments?post=448"}],"version-history":[{"count":26,"href":"https:\/\/bildvogt.eu\/wordpress\/wp-json\/wp\/v2\/pages\/448\/revisions"}],"predecessor-version":[{"id":2187,"href":"https:\/\/bildvogt.eu\/wordpress\/wp-json\/wp\/v2\/pages\/448\/revisions\/2187"}],"wp:attachment":[{"href":"https:\/\/bildvogt.eu\/wordpress\/wp-json\/wp\/v2\/media?parent=448"}],"curies":[{"name":"wp","href":"https:\/\/api.w.org\/{rel}","templated":true}]}}